{"id":220,"date":"2020-12-17T13:02:49","date_gmt":"2020-12-17T10:02:49","guid":{"rendered":"http:\/\/test.izumi-it-company.com\/001ge\/?page_id=220"},"modified":"2024-05-22T16:01:05","modified_gmt":"2024-05-22T13:01:05","slug":"impressum","status":"publish","type":"page","link":"http:\/\/www.general-numerics-rl.de\/de\/company\/impressum\/","title":{"rendered":"Impressum"},"content":{"rendered":"<div class=\"impressum__list-wrap secondary-top-offset\">\n<dl class=\"impressum__list\">\n<dt class=\"impressum__list-item quest\">\n<p class=\"text text-bold\">Company name<\/p>\n<\/dt>\n<dd class=\"impressum__list-item answer\">\n<p class=\"text\">General Numerics Research Lab e.V.<\/p>\n<\/dd>\n<\/dl>\n<dl class=\"impressum__list\">\n<dt class=\"impressum__list-item quest\">\n<p class=\"text text-bold\">Adress<\/p>\n<\/dt>\n<dd class=\"impressum__list-item answer\">\n<p class=\"text\">An der Leite 3B<br \/>\n\t\t\t\t07749 Jena<\/p>\n<p class=\"text\">Telefon: +49 (0)3641 \/ 3285583<br \/>\n\t\t\t\tMobil: +49 (0)176 \/ 63015345<\/p>\n<p class=\"text\">E-Mail: d.berkov [at] general-numerics-rl [dot] de<\/p>\n<\/dd>\n<\/dl>\n<dl class=\"impressum__list\">\n<dt class=\"impressum__list-item quest\">\n<p class=\"text text-bold\">Vertretungsbefugt<\/p>\n<\/dt>\n<dd class=\"impressum__list-item answer\">\n<p class=\"text\">1. Vorsitzender: Dr.habil. Dmitry Berkov;<br \/>\n\t\t\t\t2. Vorsitzender: Dr. Roland Mattheis;<br \/>\n\t\t\t\tJedes Vorstandsmitglied vertritt einzeln<\/p>\n<\/dd>\n<\/dl>\n<dl class=\"impressum__list\">\n<dt class=\"impressum__list-item quest\">\n<p class=\"text text-bold\">Das Impressum gilt f\u00fcr<\/p>\n<\/dt>\n<dd class=\"impressum__list-item answer\"><a class=\"text-blue text\" href=\"\/\"><br \/>\n\t\t\t\twww.general-numerics-rl.de\/<br \/>\n\t\t\t<\/a><\/dd>\n<\/dl>\n<dl class=\"impressum__list\">\n<dt class=\"impressum__list-item quest\">\n<p class=\"text text-bold\">Registergericht<\/p>\n<\/dt>\n<dd class=\"impressum__list-item answer\">\n<p class=\"text\">Amtsgericht Jena<br \/>\n\t\t\t\tRegisternummer: VR231567<\/p>\n<p class=\"text\">Umsatzsteuer-Identifikationsnummer gem. \u00a7 27 a<br \/>\n\t\t\t\tUmsatzsteuergesetz: DE 293153389<\/p>\n<p class=\"text\">Verantwortliche i.S.d. \u00a7 55 Abs. 2 RStV: Dr.habil. Dmitri Berkov<\/p>\n<\/dd>\n<\/dl>\n<\/div>\n<div class=\"primary-top-offset\">\n<h2 class=\"secondary-title title-line\">Data protection<\/h2>\n<div class=\"block-content secondary-top-offset\">\n<h3 class=\"text-blue subtitle--small\">1. Warnhinweis<\/h3>\n<p class=\"text\">Die kostenlosen und frei zug\u00e4nglichen Inhalte dieser Webseite wurden mit gr\u00f6\u00dftm\u00f6glicher Sorgfalt<br \/>\n\t\t\terstellt. Der Anbieter dieser Webseite \u00fcbernimmt jedoch keine Gew\u00e4hr f\u00fcr die Richtigkeit und Aktualit\u00e4t der<br \/>\n\t\t\tbereitgestellten kostenlosen und frei zug\u00e4nglichen journalistischen Ratgeber und Nachrichten. Die Nutzung<br \/>\n\t\t\tdieser Webseiteninhalte erfolgt auf eigene Gefahr. Allein durch den Aufruf dieser kostenlosen und frei<br \/>\n\t\t\tzug\u00e4nglichen Inhalte kommt keinerlei Vertragsverh\u00e4ltnis zwischen dem Nutzer und dem Anbieter zustande, insoweit<br \/>\n\t\t\tfehlt es am Rechtsbindungswillen des Anbieters.<\/p>\n<h3 class=\"text-blue subtitle--small\">2. <b>Verlinkungen<\/b><\/h3>\n<p class=\"text\">Die Webseite enth\u00e4lt Verlinkungen zu anderen Webseiten (&#8222;externe Links&#8220;). Diese Webseiten<br \/>\n\t\t\tunterliegen der Haftung der jeweiligen Seitenbetreiber. Bei Verkn\u00fcpfung der externen Links waren keine<br \/>\n\t\t\tRechtsverst\u00f6\u00dfe ersichtlich. Auf die aktuelle und k\u00fcnftige Gestaltung der verlinkten Seiten hat der Anbieter<br \/>\n\t\t\tkeinen Einfluss. Die permanente \u00dcberpr\u00fcfung der externen Links ist f\u00fcr den Anbieter ohne konkrete Hinweise auf<br \/>\n\t\t\tRechtsverst\u00f6\u00dfe nicht zumutbar. Bei Bekanntwerden von Rechtsverst\u00f6\u00dfen werden die betroffenen externen Links<br \/>\n\t\t\tunverz\u00fcglich gel\u00f6scht.<\/p>\n<h3 class=\"text-blue subtitle--small\">3. <b>\u00a0Urheberrecht \/ Leistungsschutzrecht<\/b><\/h3>\n<p class=\"text\">Die auf dieser Webseite durch den Anbieter ver\u00f6ffentlichten Inhalte unterliegen dem deutschen<br \/>\n\t\t\tUrheberrecht und Leistungsschutzrecht. Alle vom deutschen Urheber- und Leistungsschutzrecht nicht zugelassene<br \/>\n\t\t\tVerwertung bedarf der vorherigen schriftlichen Zustimmung des Anbieters oder jeweiligen Rechteinhabers. Dies<br \/>\n\t\t\tgilt vor allem f\u00fcr Vervielf\u00e4ltigung, Bearbeitung, \u00dcbersetzung, Einspeicherung, Verarbeitung bzw. Wiedergabe von<br \/>\n\t\t\tInhalten in Datenbanken oder anderen elektronischen Medien und Systemen. Dabei sind Inhalte und Rechte Dritter<br \/>\n\t\t\tals solche gekennzeichnet. Das unerlaubte Kopieren der Webseiteninhalte oder der kompletten Webseite ist nicht<br \/>\n\t\t\tgestattet und strafbar. Lediglich die Herstellung von Kopien und Downloads f\u00fcr den pers\u00f6nlichen, privaten und<br \/>\n\t\t\tnicht kommerziellen Gebrauch ist erlaubt.<\/p>\n<p class=\"text\">Diese Website darf ohne schriftliche Erlaubnis nicht durch Dritte in Frames oder iFrames<br \/>\n\t\t\tdargestellt werden.<\/p>\n<h3 class=\"text-blue subtitle--small\">4. <b>\u00a0Keine Werbung<\/b><\/h3>\n<p class=\"text\">Die Verwendung der Kontaktdaten des Impressums zur gewerblichen Werbung ist ausdr\u00fccklich nicht<br \/>\n\t\t\terw\u00fcnscht, es sei denn der Anbieter hatte zuvor seine schriftliche Einwilligung erteilt oder es besteht bereits<br \/>\n\t\t\teine Gesch\u00e4ftsbeziehung. Der Anbieter und alle auf dieser Website genannten Personen widersprechen hiermit<br \/>\n\t\t\tjeder kommerziellen Verwendung und Weitergabe ihrer Daten.<\/p>\n<h3 class=\"text-blue subtitle--small\">5. <b>\u00a0Besondere Nutzungsbedingungen<\/b><\/h3>\n<p class=\"text\">Soweit besondere Bedingungen f\u00fcr einzelne Nutzungen dieser Website von den vorgenannten Nummern 1.<br \/>\n\t\t\tbis 4. abweichen, wird an entsprechender Stelle ausdr\u00fccklich darauf hingewiesen. In diesem Falle gelten im<br \/>\n\t\t\tjeweiligen Einzelfall die besonderen Bedingungen.<\/p>\n<p class=\"text\">Quelle: Disclaimer von <a href=\"www.fachanwalt.de\" target=\"_blank\" rel=\"noopener\">www.fachanwalt.de<\/a><\/p>\n<\/p><\/div>\n<div class=\"block-content secondary-top-offset\">\n<h3 class=\"subtitle text-blue\">Datenschutzerkl\u00e4rung<\/h3>\n<p class=\"text\">Diese Datenschutzerkl\u00e4rung kl\u00e4rt Sie \u00fcber die Art, den Umfang und Zweck der Verarbeitung von<br \/>\n\t\t\tpersonenbezogenen Daten (nachfolgend kurz \u201eDaten\u201c) innerhalb unseres Onlineangebotes und der mit ihm<br \/>\n\t\t\tverbundenen Webseiten, Funktionen und Inhalte sowie externen Onlinepr\u00e4senzen, wie z.B. unser Social Media<br \/>\n\t\t\tProfile auf (nachfolgend gemeinsam bezeichnet als \u201eOnlineangebot\u201c). Im Hinblick auf die verwendeten<br \/>\n\t\t\tBegrifflichkeiten, wie z.B. \u201eVerarbeitung\u201c oder \u201eVerantwortlicher\u201c verweisen wir auf die Definitionen im Art. 4<br \/>\n\t\t\tder Datenschutzgrundverordnung (DSGVO).<\/p>\n<h3 class=\"text-blue subtitle--small\">Verantwortlicher<\/h3>\n<p class=\"text\">General Numerics Research Lab e.V.<br \/>\n\t\t\tAn der Leite 3B<br \/>\n\t\t\t07749 Jena<br \/>\n\t\t\tDeutschland<\/p>\n<p class=\"text\">E-Mail: d.berkov [at] general-numerics-rl [dot] de<\/p>\n<p class=\"text\">1. Vorsitzender: Dr. habil. Dmitri Berkov<br \/>\n\t\t\t2. Vorsitzender: Dr. Roland Mattheis<\/p>\n<p class=\"text\">Link zum Impressum: <a href=\"http:\/\/www.general-numerics-rl.de\/\" target=\"_blank\" rel=\"noopener\">http:\/\/www.general-numerics-rl.de\/<\/a><\/p>\n<h3 class=\"text-blue subtitle--small\">Arten der verarbeiteten Daten:<\/h3>\n<p class=\"text\">&#8211; Bestandsdaten (z.B., Namen, Adressen).<br \/>\n\t\t\t&#8211; Kontaktdaten (z.B., E-Mail, Telefonnummern).<br \/>\n\t\t\t&#8211; Inhaltsdaten (z.B., Texteingaben, Fotografien, Videos).<br \/>\n\t\t\t&#8211; Nutzungsdaten (z.B., besuchte Webseiten, Interesse an Inhalten, Zugriffszeiten).<br \/>\n\t\t\t&#8211; Meta-\/Kommunikationsdaten (z.B., Ger\u00e4te-Informationen, IP-Adressen).<\/p>\n<h3 class=\"text-blue subtitle--small\">Kategorien betroffener Personen<\/h3>\n<p class=\"text\">Besucher und Nutzer des Onlineangebotes (Nachfolgend bezeichnen wir die betroffenen Personen<br \/>\n\t\t\tzusammenfassend auch als \u201eNutzer\u201c).<\/p>\n<h3 class=\"text-blue subtitle--small\">Zweck der Verarbeitung<\/h3>\n<p class=\"text\">&#8211; Zurverf\u00fcgungstellung des Onlineangebotes, seiner Funktionen und Inhalte.<br \/>\n\t\t\t&#8211; Beantwortung von Kontaktanfragen und Kommunikation mit Nutzern.<br \/>\n\t\t\t&#8211; Sicherheitsma\u00dfnahmen.<br \/>\n\t\t\t&#8211; Reichweitenmessung\/Marketing<\/p>\n<h3 class=\"text-blue subtitle--small\">Verwendete Begrifflichkeiten<\/h3>\n<p class=\"text\">\u201ePersonenbezogene Daten\u201c sind alle Informationen, die sich auf eine identifizierte oder<br \/>\n\t\t\tidentifizierbare nat\u00fcrliche Person (im Folgenden \u201ebetroffene Person\u201c) beziehen; als identifizierbar wird eine<br \/>\n\t\t\tnat\u00fcrliche Person angesehen, die direkt oder indirekt, insbesondere mittels Zuordnung zu einer Kennung wie<br \/>\n\t\t\teinem Namen, zu einer Kennnummer, zu Standortdaten, zu einer Online-Kennung (z.B. Cookie) oder zu einem oder<br \/>\n\t\t\tmehreren besonderen Merkmalen identifiziert werden kann, die Ausdruck der physischen, physiologischen,<br \/>\n\t\t\tgenetischen, psychischen, wirtschaftlichen, kulturellen oder sozialen Identit\u00e4t dieser nat\u00fcrlichen Person sind.\n\t\t<\/p>\n<p class=\"text\">\n\t\t\t\u201eVerarbeitung\u201c ist jeder mit oder ohne Hilfe automatisierter Verfahren ausgef\u00fchrte Vorgang oder jede solche<br \/>\n\t\t\tVorgangsreihe im Zusammenhang mit personenbezogenen Daten. Der Begriff reicht weit und umfasst praktisch jeden<br \/>\n\t\t\tUmgang mit Daten.<\/p>\n<p class=\"text\">\n\t\t\t\u201ePseudonymisierung\u201c die Verarbeitung personenbezogener Daten in einer Weise, dass die personenbezogenen Daten<br \/>\n\t\t\tohne Hinzuziehung zus\u00e4tzlicher Informationen nicht mehr einer spezifischen betroffenen Person zugeordnet werden<br \/>\n\t\t\tk\u00f6nnen, sofern diese zus\u00e4tzlichen Informationen gesondert aufbewahrt werden und technischen und<br \/>\n\t\t\torganisatorischen Ma\u00dfnahmen unterliegen, die gew\u00e4hrleisten, dass die personenbezogenen Daten nicht einer<br \/>\n\t\t\tidentifizierten oder identifizierbaren nat\u00fcrlichen Person zugewiesen werden.<\/p>\n<p class=\"text\">\n\t\t\t\u201eProfiling\u201c jede Art der automatisierten Verarbeitung personenbezogener Daten, die darin besteht, dass diese<br \/>\n\t\t\tpersonenbezogenen Daten verwendet werden, um bestimmte pers\u00f6nliche Aspekte, die sich auf eine nat\u00fcrliche Person<br \/>\n\t\t\tbeziehen, zu bewerten, insbesondere um Aspekte bez\u00fcglich Arbeitsleistung, wirtschaftliche Lage, Gesundheit,<br \/>\n\t\t\tpers\u00f6nliche Vorlieben, Interessen, Zuverl\u00e4ssigkeit, Verhalten, Aufenthaltsort oder Ortswechsel dieser<br \/>\n\t\t\tnat\u00fcrlichen Person zu analysieren oder vorherzusagen.<\/p>\n<p class=\"text\">\n\t\t\tAls \u201eVerantwortlicher\u201c wird die nat\u00fcrliche oder juristische Person, Beh\u00f6rde, Einrichtung oder andere Stelle,<br \/>\n\t\t\tdie allein oder gemeinsam mit anderen \u00fcber die Zwecke und Mittel der Verarbeitung von personenbezogenen Daten<br \/>\n\t\t\tentscheidet, bezeichnet.<\/p>\n<p class=\"text\">\n\t\t\t\u201eAuftragsverarbeiter\u201c eine nat\u00fcrliche oder juristische Person, Beh\u00f6rde, Einrichtung oder andere Stelle, die<br \/>\n\t\t\tpersonenbezogene Daten im Auftrag des Verantwortlichen verarbeitet.\n\t\t<\/p>\n<h3 class=\"text-blue subtitle--small\">Ma\u00dfgebliche Rechtsgrundlagen<\/h3>\n<p class=\"text\">Nach Ma\u00dfgabe des Art. 13 DSGVO teilen wir Ihnen die Rechtsgrundlagen unserer Datenverarbeitungen<br \/>\n\t\t\tmit. Sofern die Rechtsgrundlage in der Datenschutzerkl\u00e4rung nicht genannt wird, gilt Folgendes: Die<br \/>\n\t\t\tRechtsgrundlage f\u00fcr die Einholung von Einwilligungen ist Art. 6 Abs. 1 lit. a und Art. 7 DSGVO, die<br \/>\n\t\t\tRechtsgrundlage f\u00fcr die Verarbeitung zur Erf\u00fcllung unserer Leistungen und Durchf\u00fchrung vertraglicher Ma\u00dfnahmen<br \/>\n\t\t\tsowie Beantwortung von Anfragen ist Art. 6 Abs. 1 lit. b DSGVO, die Rechtsgrundlage f\u00fcr die Verarbeitung zur<br \/>\n\t\t\tErf\u00fcllung unserer rechtlichen Verpflichtungen ist Art. 6 Abs. 1 lit. c DSGVO, und die Rechtsgrundlage f\u00fcr die<br \/>\n\t\t\tVerarbeitung zur Wahrung unserer berechtigten Interessen ist Art. 6 Abs. 1 lit. f DSGVO. F\u00fcr den Fall, dass<br \/>\n\t\t\tlebenswichtige Interessen der betroffenen Person oder einer anderen nat\u00fcrlichen Person eine Verarbeitung<br \/>\n\t\t\tpersonenbezogener Daten erforderlich machen, dient Art. 6 Abs. 1 lit. d DSGVO als Rechtsgrundlage.<\/p>\n<h3 class=\"text-blue subtitle--small\">Sicherheitsma\u00dfnahmen<\/h3>\n<p class=\"text\">Wir treffen nach Ma\u00dfgabe des Art. 32 DSGVO unter Ber\u00fccksichtigung des Stands der Technik, der<br \/>\n\t\t\tImplementierungskosten und der Art, des Umfangs, der Umst\u00e4nde und der Zwecke der Verarbeitung sowie der<br \/>\n\t\t\tunterschiedlichen Eintrittswahrscheinlichkeit und Schwere des Risikos f\u00fcr die Rechte und Freiheiten nat\u00fcrlicher<br \/>\n\t\t\tPersonen, geeignete technische und organisatorische Ma\u00dfnahmen, um ein dem Risiko angemessenes Schutzniveau zu<br \/>\n\t\t\tgew\u00e4hrleisten.<\/p>\n<p class=\"text\">\n\t\t\tZu den Ma\u00dfnahmen geh\u00f6ren insbesondere die Sicherung der Vertraulichkeit, Integrit\u00e4t und Verf\u00fcgbarkeit von Daten<br \/>\n\t\t\tdurch Kontrolle des physischen Zugangs zu den Daten, als auch des sie betreffenden Zugriffs, der Eingabe,<br \/>\n\t\t\tWeitergabe, der Sicherung der Verf\u00fcgbarkeit und ihrer Trennung. Des Weiteren haben wir Verfahren eingerichtet,<br \/>\n\t\t\tdie eine Wahrnehmung von Betroffenenrechten, L\u00f6schung von Daten und Reaktion auf Gef\u00e4hrdung der Daten<br \/>\n\t\t\tgew\u00e4hrleisten. Ferner ber\u00fccksichtigen wir den Schutz personenbezogener Daten bereits bei der Entwicklung, bzw.<br \/>\n\t\t\tAuswahl von Hardware, Software sowie Verfahren, entsprechend dem Prinzip des Datenschutzes durch<br \/>\n\t\t\tTechnikgestaltung und durch datenschutzfreundliche Voreinstellungen (Art. 25 DSGVO).\n\t\t<\/p>\n<h3 class=\"text-blue subtitle--small\">Zusammenarbeit mit Auftragsverarbeitern und Dritten<\/h3>\n<p class=\"text\">Sofern wir im Rahmen unserer Verarbeitung Daten gegen\u00fcber anderen Personen und Unternehmen<br \/>\n\t\t\t(Auftragsverarbeitern oder Dritten) offenbaren, sie an diese \u00fcbermitteln oder ihnen sonst Zugriff auf die Daten<br \/>\n\t\t\tgew\u00e4hren, erfolgt dies nur auf Grundlage einer gesetzlichen Erlaubnis (z.B. wenn eine \u00dcbermittlung der Daten an<br \/>\n\t\t\tDritte, wie an Zahlungsdienstleister, gem. Art. 6 Abs. 1 lit. b DSGVO zur Vertragserf\u00fcllung erforderlich ist),<br \/>\n\t\t\tSie eingewilligt haben, eine rechtliche Verpflichtung dies vorsieht oder auf Grundlage unserer berechtigten<br \/>\n\t\t\tInteressen (z.B. beim Einsatz von Beauftragten, Webhostern, etc.).<\/p>\n<p class=\"text\">\n\t\t\tSofern wir Dritte mit der Verarbeitung von Daten auf Grundlage eines sog. \u201eAuftragsverarbeitungsvertrages\u201c<br \/>\n\t\t\tbeauftragen, geschieht dies auf Grundlage des Art. 28 DSGVO.\n\t\t<\/p>\n<h3 class=\"text-blue subtitle--small\">\u00dcbermittlungen in Drittl\u00e4nder<\/h3>\n<p class=\"text\">Sofern wir Daten in einem Drittland (d.h. au\u00dferhalb der Europ\u00e4ischen Union (EU) oder des<br \/>\n\t\t\tEurop\u00e4ischen Wirtschaftsraums (EWR)) verarbeiten oder dies im Rahmen der Inanspruchnahme von Diensten Dritter<br \/>\n\t\t\toder Offenlegung, bzw. \u00dcbermittlung von Daten an Dritte geschieht, erfolgt dies nur, wenn es zur Erf\u00fcllung<br \/>\n\t\t\tunserer (vor)vertraglichen Pflichten, auf Grundlage Ihrer Einwilligung, aufgrund einer rechtlichen<br \/>\n\t\t\tVerpflichtung oder auf Grundlage unserer berechtigten Interessen geschieht. Vorbehaltlich gesetzlicher oder<br \/>\n\t\t\tvertraglicher Erlaubnisse, verarbeiten oder lassen wir die Daten in einem Drittland nur beim Vorliegen der<br \/>\n\t\t\tbesonderen Voraussetzungen der Art. 44 ff. DSGVO verarbeiten. D.h. die Verarbeitung erfolgt z.B. auf Grundlage<br \/>\n\t\t\tbesonderer Garantien, wie der offiziell anerkannten Feststellung eines der EU entsprechenden Datenschutzniveaus<br \/>\n\t\t\t(z.B. f\u00fcr die USA durch das \u201ePrivacy Shield\u201c) oder Beachtung offiziell anerkannter spezieller vertraglicher<br \/>\n\t\t\tVerpflichtungen (so genannte \u201eStandardvertragsklauseln\u201c).<\/p>\n<h3 class=\"text-blue subtitle--small\">Rechte der betroffenen Personen<\/h3>\n<p class=\"text\">Sie haben das Recht, eine Best\u00e4tigung dar\u00fcber zu verlangen, ob betreffende Daten verarbeitet<br \/>\n\t\t\twerden und auf Auskunft \u00fcber diese Daten sowie auf weitere Informationen und Kopie der Daten entsprechend Art.<br \/>\n\t\t\t15 DSGVO.<\/p>\n<p class=\"text\">\n\t\t\tSie haben entsprechend. Art. 16 DSGVO das Recht, die Vervollst\u00e4ndigung der Sie betreffenden Daten oder die<br \/>\n\t\t\tBerichtigung der Sie betreffenden unrichtigen Daten zu verlangen.<\/p>\n<p class=\"text\">\n\t\t\tSie haben nach Ma\u00dfgabe des Art. 17 DSGVO das Recht zu verlangen, dass betreffende Daten unverz\u00fcglich gel\u00f6scht<br \/>\n\t\t\twerden, bzw. alternativ nach Ma\u00dfgabe des Art. 18 DSGVO eine Einschr\u00e4nkung der Verarbeitung der Daten zu<br \/>\n\t\t\tverlangen.<\/p>\n<p class=\"text\">\n\t\t\tSie haben das Recht zu verlangen, dass die Sie betreffenden Daten, die Sie uns bereitgestellt haben nach<br \/>\n\t\t\tMa\u00dfgabe des Art. 20 DSGVO zu erhalten und deren \u00dcbermittlung an andere Verantwortliche zu fordern.<\/p>\n<p class=\"text\">\n\t\t\tSie haben ferner gem. Art. 77 DSGVO das Recht, eine Beschwerde bei der zust\u00e4ndigen Aufsichtsbeh\u00f6rde<br \/>\n\t\t\teinzureichen.\n\t\t<\/p>\n<h3 class=\"text-blue subtitle--small\">Widerrufsrecht<\/h3>\n<p class=\"text\">Sie haben das Recht, erteilte Einwilligungen gem. Art. 7 Abs. 3 DSGVO mit Wirkung f\u00fcr die Zukunft<br \/>\n\t\t\tzu widerrufen<\/p>\n<h3 class=\"text-blue subtitle--small\">Widerspruchsrecht<\/h3>\n<p class=\"text\">Sie k\u00f6nnen der k\u00fcnftigen Verarbeitung der Sie betreffenden Daten nach Ma\u00dfgabe des Art. 21 DSGVO<br \/>\n\t\t\tjederzeit widersprechen. Der Widerspruch kann insbesondere gegen die Verarbeitung f\u00fcr Zwecke der Direktwerbung<br \/>\n\t\t\terfolgen.<\/p>\n<h3 class=\"text-blue subtitle--small\">Cookies und Widerspruchsrecht bei Direktwerbung<\/h3>\n<p class=\"text\">Als \u201eCookies\u201c werden kleine Dateien bezeichnet, die auf Rechnern der Nutzer gespeichert werden.<br \/>\n\t\t\tInnerhalb der Cookies k\u00f6nnen unterschiedliche Angaben gespeichert werden. Ein Cookie dient prim\u00e4r dazu, die<br \/>\n\t\t\tAngaben zu einem Nutzer (bzw. dem Ger\u00e4t auf dem das Cookie gespeichert ist) w\u00e4hrend oder auch nach seinem<br \/>\n\t\t\tBesuch innerhalb eines Onlineangebotes zu speichern. Als tempor\u00e4re Cookies, bzw. \u201eSession-Cookies\u201c oder<br \/>\n\t\t\t\u201etransiente Cookies\u201c, werden Cookies bezeichnet, die gel\u00f6scht werden, nachdem ein Nutzer ein Onlineangebot<br \/>\n\t\t\tverl\u00e4sst und seinen Browser schlie\u00dft. In einem solchen Cookie kann z.B. der Inhalt eines Warenkorbs in einem<br \/>\n\t\t\tOnlineshop oder ein Login-Status gespeichert werden. Als \u201epermanent\u201c oder \u201epersistent\u201c werden Cookies<br \/>\n\t\t\tbezeichnet, die auch nach dem Schlie\u00dfen des Browsers gespeichert bleiben. So kann z.B. der Login-Status<br \/>\n\t\t\tgespeichert werden, wenn die Nutzer diese nach mehreren Tagen aufsuchen. Ebenso k\u00f6nnen in einem solchen Cookie<br \/>\n\t\t\tdie Interessen der Nutzer gespeichert werden, die f\u00fcr Reichweitenmessung oder Marketingzwecke verwendet werden.<br \/>\n\t\t\tAls \u201eThird-Party-Cookie\u201c werden Cookies bezeichnet, die von anderen Anbietern als dem Verantwortlichen, der das<br \/>\n\t\t\tOnlineangebot betreibt, angeboten werden (andernfalls, wenn es nur dessen Cookies sind spricht man von<br \/>\n\t\t\t\u201eFirst-Party Cookies\u201c).<\/p>\n<p class=\"text\">\n\t\t\tWir k\u00f6nnen tempor\u00e4re und permanente Cookies einsetzen und kl\u00e4ren hier\u00fcber im Rahmen unserer<br \/>\n\t\t\tDatenschutzerkl\u00e4rung auf.<\/p>\n<p class=\"text\">\n\t\t\tFalls die Nutzer nicht m\u00f6chten, dass Cookies auf ihrem Rechner gespeichert werden, werden sie gebeten die<br \/>\n\t\t\tentsprechende Option in den Systemeinstellungen ihres Browsers zu deaktivieren. Gespeicherte Cookies k\u00f6nnen in<br \/>\n\t\t\tden Systemeinstellungen des Browsers gel\u00f6scht werden. Der Ausschluss von Cookies kann zu<br \/>\n\t\t\tFunktionseinschr\u00e4nkungen dieses Onlineangebotes f\u00fchren.<\/p>\n<p class=\"text\">\n\t\t\tEin genereller Widerspruch gegen den Einsatz der zu Zwecken des Onlinemarketing eingesetzten Cookies kann bei<br \/>\n\t\t\teiner Vielzahl der Dienste, vor allem im Fall des Trackings, \u00fcber die US-amerikanische Seite<br \/>\n\t\t\t<a href=\"http:\/\/www.aboutads.info\/choices\/\" target=\"_blank\" rel=\"noopener\">http:\/\/www.aboutads.info\/choices\/<\/a> oder die<br \/>\n\t\t\tEU-Seite <a href=\"http:\/\/www.youronlinechoices.com\/\" target=\"_blank\" rel=\"noopener\">http:\/\/www.youronlinechoices.com\/<\/a><br \/>\n\t\t\terkl\u00e4rt werden. Des<br \/>\n\t\t\tWeiteren kann die Speicherung von Cookies mittels deren Abschaltung in den Einstellungen des Browsers erreicht<br \/>\n\t\t\twerden. Bitte beachten Sie, dass dann gegebenenfalls nicht alle Funktionen dieses Onlineangebotes genutzt<br \/>\n\t\t\twerden k\u00f6nnen.\n\t\t<\/p>\n<h3 class=\"text-blue subtitle--small\">L\u00f6schung von Daten<\/h3>\n<p class=\"text\">Die von uns verarbeiteten Daten werden nach Ma\u00dfgabe der Art. 17 und 18 DSGVO gel\u00f6scht oder in<br \/>\n\t\t\tihrer Verarbeitung eingeschr\u00e4nkt. Sofern nicht im Rahmen dieser Datenschutzerkl\u00e4rung ausdr\u00fccklich angegeben,<br \/>\n\t\t\twerden die bei uns gespeicherten Daten gel\u00f6scht, sobald sie f\u00fcr ihre Zweckbestimmung nicht mehr erforderlich<br \/>\n\t\t\tsind und der L\u00f6schung keine gesetzlichen Aufbewahrungspflichten entgegenstehen. Sofern die Daten nicht gel\u00f6scht<br \/>\n\t\t\twerden, weil sie f\u00fcr andere und gesetzlich zul\u00e4ssige Zwecke erforderlich sind, wird deren Verarbeitung<br \/>\n\t\t\teingeschr\u00e4nkt. D.h. die Daten werden gesperrt und nicht f\u00fcr andere Zwecke verarbeitet. Das gilt z.B. f\u00fcr Daten,<br \/>\n\t\t\tdie aus handels- oder steuerrechtlichen Gr\u00fcnden aufbewahrt werden m\u00fcssen.<\/p>\n<p class=\"text\">Nach gesetzlichen Vorgaben in Deutschland, erfolgt die Aufbewahrung insbesondere f\u00fcr 10 Jahre<br \/>\n\t\t\tgem\u00e4\u00df \u00a7\u00a7 147 Abs.<br \/>\n\t\t\t1 AO, 257 Abs. 1 Nr. 1 und 4, Abs. 4 HGB (B\u00fccher, Aufzeichnungen, Lageberichte, Buchungsbelege, Handelsb\u00fccher,<br \/>\n\t\t\tf\u00fcr Besteuerung relevanter Unterlagen, etc.) und 6 Jahre gem\u00e4\u00df \u00a7 257 Abs. 1 Nr. 2 und 3, Abs. 4 HGB<br \/>\n\t\t\t(Handelsbriefe).<\/p>\n<p class=\"text\">Nach gesetzlichen Vorgaben in \u00d6sterreich erfolgt die Aufbewahrung insbesondere f\u00fcr 7 J gem\u00e4\u00df \u00a7 132<br \/>\n\t\t\tAbs. 1 BAO<br \/>\n\t\t\t(Buchhaltungsunterlagen, Belege\/Rechnungen, Konten, Belege, Gesch\u00e4ftspapiere, Aufstellung der Einnahmen und<br \/>\n\t\t\tAusgaben, etc.), f\u00fcr 22 Jahre im Zusammenhang mit Grundst\u00fccken und f\u00fcr 10 Jahre bei Unterlagen im Zusammenhang<br \/>\n\t\t\tmit elektronisch erbrachten Leistungen, Telekommunikations-, Rundfunk- und Fernsehleistungen, die an<br \/>\n\t\t\tNichtunternehmer in EU-Mitgliedstaaten erbracht werden und f\u00fcr die der Mini-One-Stop-Shop (MOSS) in Anspruch<br \/>\n\t\t\tgenommen wird.\n\t\t<\/p>\n<h3 class=\"text-blue subtitle--small\">Gesch\u00e4ftsbezogene Verarbeitung<\/h3>\n<p class=\"text\">Zus\u00e4tzlich verarbeiten wir<br \/>\n\t\t\t&#8211; Vertragsdaten (z.B., Vertragsgegenstand, Laufzeit, Kundenkategorie).<br \/>\n\t\t\t&#8211; Zahlungsdaten (z.B., Bankverbindung, Zahlungshistorie)<br \/>\n\t\t\tvon unseren Kunden, Interessenten und Gesch\u00e4ftspartner zwecks Erbringung vertraglicher Leistungen, Service und<br \/>\n\t\t\tKundenpflege, Marketing, Werbung und Marktforschung.<\/p>\n<h3 class=\"text-blue subtitle--small\">Erbringung unserer satzungs- und gesch\u00e4ftsgem\u00e4\u00dfen Leistungen<\/h3>\n<p class=\"text\">Wir verarbeiten die Daten unserer Mitglieder, Unterst\u00fctzer, Interessenten, Kunden oder sonstiger<br \/>\n\t\t\tPersonen entsprechend Art. 6 Abs. 1 lit. b. DSGVO, sofern wir ihnen gegen\u00fcber vertragliche Leistungen anbieten<br \/>\n\t\t\toder im Rahmen bestehender gesch\u00e4ftlicher Beziehung, z.B. gegen\u00fcber Mitgliedern, t\u00e4tig werden oder selbst<br \/>\n\t\t\tEmpf\u00e4nger von Leistungen und Zuwendungen sind. Im \u00dcbrigen verarbeiten wir die Daten betroffener Personen gem.<br \/>\n\t\t\tArt. 6 Abs. 1 lit. f. DSGVO auf Grundlage unserer berechtigten Interessen, z.B. wenn es sich um administrative<br \/>\n\t\t\tAufgaben oder \u00d6ffentlichkeitsarbeit handelt.<\/p>\n<p class=\"text\">\n\t\t\tDie hierbei verarbeiteten Daten, die Art, der Umfang und der Zweck und die Erforderlichkeit ihrer Verarbeitung<br \/>\n\t\t\tbestimmen sich nach dem zugrundeliegenden Vertragsverh\u00e4ltnis. Dazu geh\u00f6ren grunds\u00e4tzlich Bestands- und<br \/>\n\t\t\tStammdaten der Personen (z.B., Name, Adresse, etc.), als auch die Kontaktdaten (z.B., E-Mailadresse, Telefon,<br \/>\n\t\t\tetc.), die Vertragsdaten (z.B., in Anspruch genommene Leistungen, mitgeteilte Inhalte und Informationen, Namen<br \/>\n\t\t\tvon Kontaktpersonen) und sofern wir zahlungspflichtige Leistungen oder Produkte anbieten, Zahlungsdaten (z.B.,<br \/>\n\t\t\tBankverbindung, Zahlungshistorie, etc.).<\/p>\n<p class=\"text\">\n\t\t\tWir l\u00f6schen Daten, die zur Erbringung unserer satzungs- und gesch\u00e4ftsm\u00e4\u00dfigen Zwecke nicht mehr erforderlich<br \/>\n\t\t\tsind. Dies bestimmt sich entsprechend der jeweiligen Aufgaben und vertraglichen Beziehungen. Im Fall<br \/>\n\t\t\tgesch\u00e4ftlicher Verarbeitung bewahren wir die Daten so lange auf, wie sie zur Gesch\u00e4ftsabwicklung, als auch im<br \/>\n\t\t\tHinblick auf etwaige Gew\u00e4hrleistungs- oder Haftungspflichten relevant sein k\u00f6nnen. Die Erforderlichkeit der<br \/>\n\t\t\tAufbewahrung der Daten wird alle drei Jahre \u00fcberpr\u00fcft; im \u00dcbrigen gelten die gesetzlichen<br \/>\n\t\t\tAufbewahrungspflichten.\n\t\t<\/p>\n<p>\t\t<a href=\"https:\/\/datenschutz-generator.de\/\" target=\"_blank\" rel=\"noopener\">Erstellt mit Datenschutz-Generator.de von RA Dr.<br \/>\n\t\t\tThomas Schwenke<\/a><\/p><\/div>\n<\/div>\n","protected":false},"excerpt":{"rendered":"<p>Company name General Numerics Research Lab e.V. Adress An der Leite 3B 07749 Jena Telefon: +49 (0)3641 \/ 3285583 Mobil: +49 (0)176 \/ 63015345 E-Mail: d.berkov [at] general-numerics-rl [dot] de Vertretungsbefugt 1. Vorsitzender: Dr.habil. Dmitry Berkov; 2. Vorsitzender: Dr. Roland Mattheis; Jedes Vorstandsmitglied vertritt einzeln Das Impressum gilt f\u00fcr www.general-numerics-rl.de\/ Registergericht Amtsgericht Jena Registernummer: VR231567 [&hellip;]<\/p>\n","protected":false},"author":1,"featured_media":0,"parent":200,"menu_order":0,"comment_status":"closed","ping_status":"closed","template":"","meta":{"footnotes":""},"yoast_head":"<!-- This site is optimized with the Yoast SEO plugin v15.5 - https:\/\/yoast.com\/wordpress\/plugins\/seo\/ -->\n<title>Impressum - Gen Num<\/title>\n<meta name=\"robots\" content=\"index, follow, max-snippet:-1, max-image-preview:large, max-video-preview:-1\" \/>\n<link rel=\"canonical\" href=\"http:\/\/www.general-numerics-rl.de\/de\/company\/impressum\/\" \/>\n<meta property=\"og:locale\" content=\"de_DE\" \/>\n<meta property=\"og:type\" content=\"article\" \/>\n<meta property=\"og:title\" content=\"Impressum - Gen Num\" \/>\n<meta property=\"og:description\" content=\"Company name General Numerics Research Lab e.V. Adress An der Leite 3B 07749 Jena Telefon: +49 (0)3641 \/ 3285583 Mobil: +49 (0)176 \/ 63015345 E-Mail: d.berkov [at] general-numerics-rl [dot] de Vertretungsbefugt 1. Vorsitzender: Dr.habil. Dmitry Berkov; 2. Vorsitzender: Dr. Roland Mattheis; Jedes Vorstandsmitglied vertritt einzeln Das Impressum gilt f\u00fcr www.general-numerics-rl.de\/ Registergericht Amtsgericht Jena Registernummer: VR231567 [&hellip;]\" \/>\n<meta property=\"og:url\" content=\"http:\/\/www.general-numerics-rl.de\/de\/company\/impressum\/\" \/>\n<meta property=\"og:site_name\" content=\"Gen Num\" \/>\n<meta property=\"article:modified_time\" content=\"2024-05-22T13:01:05+00:00\" \/>\n<meta name=\"twitter:card\" content=\"summary_large_image\" \/>\n<meta name=\"twitter:label1\" content=\"Gesch\u00e4tzte Lesezeit\">\n\t<meta name=\"twitter:data1\" content=\"10\u00a0Minuten\">\n<script type=\"application\/ld+json\" class=\"yoast-schema-graph\">{\"@context\":\"https:\/\/schema.org\",\"@graph\":[{\"@type\":\"WebSite\",\"@id\":\"http:\/\/www.general-numerics-rl.de\/#website\",\"url\":\"http:\/\/www.general-numerics-rl.de\/\",\"name\":\"Gen Num\",\"description\":\"\\u0415\\u0449\\u0451 \\u043e\\u0434\\u0438\\u043d \\u0441\\u0430\\u0439\\u0442 \\u043d\\u0430 WordPress\",\"potentialAction\":[{\"@type\":\"SearchAction\",\"target\":\"http:\/\/www.general-numerics-rl.de\/?s={search_term_string}\",\"query-input\":\"required name=search_term_string\"}],\"inLanguage\":\"de\"},{\"@type\":\"WebPage\",\"@id\":\"http:\/\/www.general-numerics-rl.de\/de\/company\/impressum\/#webpage\",\"url\":\"http:\/\/www.general-numerics-rl.de\/de\/company\/impressum\/\",\"name\":\"Impressum - Gen Num\",\"isPartOf\":{\"@id\":\"http:\/\/www.general-numerics-rl.de\/#website\"},\"datePublished\":\"2020-12-17T10:02:49+00:00\",\"dateModified\":\"2024-05-22T13:01:05+00:00\",\"inLanguage\":\"de\",\"potentialAction\":[{\"@type\":\"ReadAction\",\"target\":[\"http:\/\/www.general-numerics-rl.de\/de\/company\/impressum\/\"]}]}]}<\/script>\n<!-- \/ Yoast SEO plugin. -->","_links":{"self":[{"href":"http:\/\/www.general-numerics-rl.de\/de\/wp-json\/wp\/v2\/pages\/220"}],"collection":[{"href":"http:\/\/www.general-numerics-rl.de\/de\/wp-json\/wp\/v2\/pages"}],"about":[{"href":"http:\/\/www.general-numerics-rl.de\/de\/wp-json\/wp\/v2\/types\/page"}],"author":[{"embeddable":true,"href":"http:\/\/www.general-numerics-rl.de\/de\/wp-json\/wp\/v2\/users\/1"}],"replies":[{"embeddable":true,"href":"http:\/\/www.general-numerics-rl.de\/de\/wp-json\/wp\/v2\/comments?post=220"}],"version-history":[{"count":20,"href":"http:\/\/www.general-numerics-rl.de\/de\/wp-json\/wp\/v2\/pages\/220\/revisions"}],"predecessor-version":[{"id":972,"href":"http:\/\/www.general-numerics-rl.de\/de\/wp-json\/wp\/v2\/pages\/220\/revisions\/972"}],"up":[{"embeddable":true,"href":"http:\/\/www.general-numerics-rl.de\/de\/wp-json\/wp\/v2\/pages\/200"}],"wp:attachment":[{"href":"http:\/\/www.general-numerics-rl.de\/de\/wp-json\/wp\/v2\/media?parent=220"}],"curies":[{"name":"wp","href":"https:\/\/api.w.org\/{rel}","templated":true}]}}